{"id":10,"date":"2017-05-01T00:30:14","date_gmt":"2017-05-01T00:30:14","guid":{"rendered":"http:\/\/www.rumoasantiago.com\/interioreinverno\/?page_id=10"},"modified":"2017-05-01T00:30:14","modified_gmt":"2017-05-01T00:30:14","slug":"sobre","status":"publish","type":"page","link":"http:\/\/www.rumoasantiago.com\/interioreinverno\/sobre\/","title":{"rendered":"Sobre"},"content":{"rendered":"<p>O projeto Rumo a Santiago nasce de uma experi\u00eancia pessoal anterior, ap\u00f3s percorrer o Caminho Portugu\u00eas em 2010.<!--more--><\/p>\n<p>Foi em 2010 que aprendi o que eram os Caminhos de Santiago. Em pleno Ano Jacobeo, juntamente com um grupo de amigos entusiastas do BTT, decidimos fazer o percurso do Porto a Santiago, sem sabermos muito bem ao que \u00edamos.<\/p>\n<p>Apesar de curta, essa primeira experi\u00eancia foi arrebatadora, principalmente na chegada \u00e0 Pra\u00e7a do Obradoiro e nos dias seguintes em que a &#8220;depress\u00e3o do Caminho&#8221; se instalou. E por isso teria de ser uma experi\u00eancia a repetir.<\/p>\n<p>E assim foi, em 2011 decidi fazer o Caminho Franc\u00eas desde Saint-Jean-Pied-de-Port, com uma pequena nuance: conciliar a viagem com uma vertente solid\u00e1ria. Com o apoio \u00e0 Associa\u00e7\u00e3o Acreditar (nesse ano foi essencialmente divulga\u00e7\u00e3o), nasceu o projeto Rumo a Santiago.<\/p>\n<p>Nos anos seguintes o projeto veria nascer novas edi\u00e7\u00f5es, tamb\u00e9m com campanhas solid\u00e1rias, sempre aumentando a fasquia na extens\u00e3o do Caminho a percorrer e tamb\u00e9m do \u00e2mbito da Campanha. Em 2012 fizemos a Via de la Plata desde Sevilha, em 2013 o Caminho do Norte desde Ir\u00fan e em 2016 o Caminho do Levante desde Val\u00eancia.<\/p>\n<p>Os anos de 2014 e 2015 foram a descoberta e encanto do Caminho feito a p\u00e9. Revisitei o Caminho Sanabr\u00eas numa pequena incurs\u00e3o a partir de Ourense em junho de 2014 e o Caminho Franc\u00eas desde Molinaseca em agosto desse mesmo ano. Em agosto 2015 foi a vez de conhecer o Caminho Primitivo (a p\u00e9), talvez um dos mais bonitos que j\u00e1 fiz.<\/p>\n<p>O ano de 2017 traz de novo um desafio nas duas rodas e no cora\u00e7\u00e3o. O Caminho deste ano \u00e9, na realidade, um conjunto de diferentes Caminhos. Vou fazer o meu Caminho a solo pela primeira vez, come\u00e7ando a grande jornada em Braga, seguindo pelo Caminho Portugu\u00eas no sentido de F\u00e1tima at\u00e9 Albergaria-a-Velha. A\u00ed tomarei a Ecovia do Vouga at\u00e9 Viseu, onde encontrarei o primeiro novo Caminho deste ano: o Caminho do Interior.<\/p>\n<p>Em Ver\u00edn tomarei o Caminho Sanabr\u00eas na dire\u00e7\u00e3o oposta a Santiago, at\u00e9 encontrar a Via de la Plata em Benavente. Da\u00ed seguirei at\u00e9 ao Caminho Franc\u00eas, no qual farei o percurso at\u00e9 Ponferrada, localidade esta em que tomarei o segundo novo Caminho deste ano: o Caminho de Inverno. Este Caminho levar-me-\u00e1 at\u00e9 A Laxe, no Caminho Sanabr\u00eas, no qual me deslocarei at\u00e9 chegar a Santiago de Compostela.<\/p>\n<p>Para o \u00faltimo dia (o 16\u00ba) espera-me o desafio f\u00edsico j\u00e1 habitual dos \u00faltimos Caminhos em bicicleta: juntar Santiago de Compostela e Braga num s\u00f3 dia.<\/p>\n<p>A Casa do Porto da Associa\u00e7\u00e3o Acreditar, j\u00e1 inaugurada, continua a necessitar a nossa ajuda. Ainda h\u00e1 bastante equipamento em falta (camas, cobertores, mobili\u00e1rio de exterior, entre outras coisas). O prop\u00f3sito da campanha deste ano ser\u00e1 precisamente a compra desse material.<\/p>\n<p>&nbsp;<\/p>\n<p>E para isso contamos com a for\u00e7a e a participa\u00e7\u00e3o de todos.<\/p>\n<div class=\"al2fb_like_button\"><div id=\"fb-root\"><\/div><script type=\"text\/javascript\">\n(function(d, s, id) {\n  var js, fjs = d.getElementsByTagName(s)[0];\n  if (d.getElementById(id)) return;\n  js = d.createElement(s); js.id = id;\n  js.src = \"\/\/connect.facebook.net\/en_US\/all.js#xfbml=1&appId=118672068213591\";\n  fjs.parentNode.insertBefore(js, fjs);\n}(document, \"script\", \"facebook-jssdk\"));\n<\/script>\n<fb:like href=\"http:\/\/www.rumoasantiago.com\/interioreinverno\/sobre\/\" layout=\"button_count\" show_faces=\"true\" share=\"true\" width=\"450\" action=\"like\" font=\"arial\" colorscheme=\"light\" ref=\"AL2FB\"><\/fb:like><\/div>","protected":false},"excerpt":{"rendered":"<p>O projeto Rumo a Santiago nasce de uma experi\u00eancia pessoal anterior, ap\u00f3s percorrer o Caminho Portugu\u00eas em 2010.<\/p>\n","protected":false},"author":1,"featured_media":0,"parent":0,"menu_order":0,"comment_status":"closed","ping_status":"closed","template":"","meta":[],"yoast_head":"<!-- This site is optimized with the Yoast SEO plugin v20.10 - https:\/\/yoast.com\/wordpress\/plugins\/seo\/ -->\n<title>Sobre - Caminhos do Interior e de Inverno<\/title>\n<meta name=\"robots\" content=\"index, follow, max-snippet:-1, max-image-preview:large, max-video-preview:-1\" \/>\n<link rel=\"canonical\" href=\"http:\/\/www.rumoasantiago.com\/interioreinverno\/sobre\/\" \/>\n<meta name=\"twitter:card\" content=\"summary_large_image\" \/>\n<meta name=\"twitter:title\" content=\"Sobre - Caminhos do Interior e de Inverno\" \/>\n<meta name=\"twitter:description\" content=\"O projeto Rumo a Santiago nasce de uma experi\u00eancia pessoal anterior, ap\u00f3s percorrer o Caminho Portugu\u00eas em 2010.\" \/>\n<meta name=\"twitter:label1\" content=\"Est. reading time\" \/>\n\t<meta name=\"twitter:data1\" content=\"2 minutes\" \/>\n<script type=\"application\/ld+json\" class=\"yoast-schema-graph\">{\"@context\":\"https:\/\/schema.org\",\"@graph\":[{\"@type\":\"WebPage\",\"@id\":\"http:\/\/www.rumoasantiago.com\/interioreinverno\/sobre\/\",\"url\":\"http:\/\/www.rumoasantiago.com\/interioreinverno\/sobre\/\",\"name\":\"Sobre - Caminhos do Interior e de Inverno\",\"isPartOf\":{\"@id\":\"https:\/\/www.rumoasantiago.com\/interioreinverno\/#website\"},\"datePublished\":\"2017-05-01T00:30:14+00:00\",\"dateModified\":\"2017-05-01T00:30:14+00:00\",\"breadcrumb\":{\"@id\":\"http:\/\/www.rumoasantiago.com\/interioreinverno\/sobre\/#breadcrumb\"},\"inLanguage\":\"en-US\",\"potentialAction\":[{\"@type\":\"ReadAction\",\"target\":[\"http:\/\/www.rumoasantiago.com\/interioreinverno\/sobre\/\"]}]},{\"@type\":\"BreadcrumbList\",\"@id\":\"http:\/\/www.rumoasantiago.com\/interioreinverno\/sobre\/#breadcrumb\",\"itemListElement\":[{\"@type\":\"ListItem\",\"position\":1,\"name\":\"Home\",\"item\":\"https:\/\/www.rumoasantiago.com\/interioreinverno\/\"},{\"@type\":\"ListItem\",\"position\":2,\"name\":\"Sobre\"}]},{\"@type\":\"WebSite\",\"@id\":\"https:\/\/www.rumoasantiago.com\/interioreinverno\/#website\",\"url\":\"https:\/\/www.rumoasantiago.com\/interioreinverno\/\",\"name\":\"Caminhos do Interior e de Inverno\",\"description\":\"Travessia dos Caminhos do Interior e Inverno\",\"potentialAction\":[{\"@type\":\"SearchAction\",\"target\":{\"@type\":\"EntryPoint\",\"urlTemplate\":\"https:\/\/www.rumoasantiago.com\/interioreinverno\/?s={search_term_string}\"},\"query-input\":\"required name=search_term_string\"}],\"inLanguage\":\"en-US\"}]}<\/script>\n<!-- \/ Yoast SEO plugin. -->","yoast_head_json":{"title":"Sobre - Caminhos do Interior e de Inverno","robots":{"index":"index","follow":"follow","max-snippet":"max-snippet:-1","max-image-preview":"max-image-preview:large","max-video-preview":"max-video-preview:-1"},"canonical":"http:\/\/www.rumoasantiago.com\/interioreinverno\/sobre\/","twitter_card":"summary_large_image","twitter_title":"Sobre - Caminhos do Interior e de Inverno","twitter_description":"O projeto Rumo a Santiago nasce de uma experi\u00eancia pessoal anterior, ap\u00f3s percorrer o Caminho Portugu\u00eas em 2010.","twitter_misc":{"Est. reading time":"2 minutes"},"schema":{"@context":"https:\/\/schema.org","@graph":[{"@type":"WebPage","@id":"http:\/\/www.rumoasantiago.com\/interioreinverno\/sobre\/","url":"http:\/\/www.rumoasantiago.com\/interioreinverno\/sobre\/","name":"Sobre - Caminhos do Interior e de Inverno","isPartOf":{"@id":"https:\/\/www.rumoasantiago.com\/interioreinverno\/#website"},"datePublished":"2017-05-01T00:30:14+00:00","dateModified":"2017-05-01T00:30:14+00:00","breadcrumb":{"@id":"http:\/\/www.rumoasantiago.com\/interioreinverno\/sobre\/#breadcrumb"},"inLanguage":"en-US","potentialAction":[{"@type":"ReadAction","target":["http:\/\/www.rumoasantiago.com\/interioreinverno\/sobre\/"]}]},{"@type":"BreadcrumbList","@id":"http:\/\/www.rumoasantiago.com\/interioreinverno\/sobre\/#breadcrumb","itemListElement":[{"@type":"ListItem","position":1,"name":"Home","item":"https:\/\/www.rumoasantiago.com\/interioreinverno\/"},{"@type":"ListItem","position":2,"name":"Sobre"}]},{"@type":"WebSite","@id":"https:\/\/www.rumoasantiago.com\/interioreinverno\/#website","url":"https:\/\/www.rumoasantiago.com\/interioreinverno\/","name":"Caminhos do Interior e de Inverno","description":"Travessia dos Caminhos do Interior e Inverno","potentialAction":[{"@type":"SearchAction","target":{"@type":"EntryPoint","urlTemplate":"https:\/\/www.rumoasantiago.com\/interioreinverno\/?s={search_term_string}"},"query-input":"required name=search_term_string"}],"inLanguage":"en-US"}]}},"publishpress_future_action":{"enabled":false,"date":"0","action":"","terms":[],"taxonomy":""},"_links":{"self":[{"href":"http:\/\/www.rumoasantiago.com\/interioreinverno\/wp-json\/wp\/v2\/pages\/10"}],"collection":[{"href":"http:\/\/www.rumoasantiago.com\/interioreinverno\/wp-json\/wp\/v2\/pages"}],"about":[{"href":"http:\/\/www.rumoasantiago.com\/interioreinverno\/wp-json\/wp\/v2\/types\/page"}],"author":[{"embeddable":true,"href":"http:\/\/www.rumoasantiago.com\/interioreinverno\/wp-json\/wp\/v2\/users\/1"}],"replies":[{"embeddable":true,"href":"http:\/\/www.rumoasantiago.com\/interioreinverno\/wp-json\/wp\/v2\/comments?post=10"}],"version-history":[{"count":1,"href":"http:\/\/www.rumoasantiago.com\/interioreinverno\/wp-json\/wp\/v2\/pages\/10\/revisions"}],"predecessor-version":[{"id":11,"href":"http:\/\/www.rumoasantiago.com\/interioreinverno\/wp-json\/wp\/v2\/pages\/10\/revisions\/11"}],"wp:attachment":[{"href":"http:\/\/www.rumoasantiago.com\/interioreinverno\/wp-json\/wp\/v2\/media?parent=10"}],"curies":[{"name":"wp","href":"https:\/\/api.w.org\/{rel}","templated":true}]}}